{"id":54,"date":"2012-07-24T23:07:36","date_gmt":"2012-07-24T21:07:36","guid":{"rendered":"http:\/\/www.lov-kleintiere.li\/?page_id=54"},"modified":"2026-03-18T19:17:13","modified_gmt":"2026-03-18T18:17:13","slug":"ov-balzers","status":"publish","type":"page","link":"https:\/\/www.lov.li\/?page_id=54","title":{"rendered":"OV Balzers"},"content":{"rendered":"<div class=\"wp-block-image\">\n<figure class=\"alignleft\"><img loading=\"lazy\" decoding=\"async\" width=\"229\" height=\"211\" src=\"http:\/\/www.lov.li\/wp-content\/uploads\/2012\/07\/balzers.jpg\" alt=\"\" class=\"wp-image-55\" title=\"balzers\"\/><\/figure>\n<\/div>\n\n\n<p><\/p>\n\n\n\n<p><strong>&nbsp;<\/strong><\/p>\n\n\n\n<h2 class=\"wp-block-heading\">Ornithologischer Verein Balzers<\/h2>\n\n\n\n<p>Gegr\u00fcndet 1954<\/p>\n\n\n\n<h4 class=\"wp-block-heading\"><strong>Vorstand 2026 &#8211; 2028<\/strong><\/h4>\n\n\n\n<p><\/p>\n\n\n\n<div class=\"wp-block-uagb-image uagb-block-5286b266 wp-block-uagb-image--layout-default wp-block-uagb-image--effect-static wp-block-uagb-image--align-none\"><figure class=\"wp-block-uagb-image__figure\"><img decoding=\"async\" srcset=\"https:\/\/www.lov.li\/wp-content\/uploads\/VorstandOVB-570x481.gif ,https:\/\/www.lov.li\/wp-content\/uploads\/VorstandOVB.gif 780w, https:\/\/www.lov.li\/wp-content\/uploads\/VorstandOVB.gif 360w\" sizes=\"auto, (max-width: 480px) 150px\" src=\"https:\/\/www.lov.li\/wp-content\/uploads\/VorstandOVB-570x481.gif\" alt=\"\" class=\"uag-image-6429\" width=\"525\" height=\"443\" title=\"VorstandOVB\" loading=\"lazy\" role=\"img\"\/><\/figure><\/div>\n\n\n\n<p class=\"alignnone\">v.l. Cordi Good, Hubert Kaiser, Daniel Gst\u00f6hl, Martin Willi, Darli Vetsch<\/p>\n\n\n\n<figure class=\"wp-block-table\"><table class=\"has-fixed-layout\"><tbody><tr><td>Pr\u00e4sident<\/td><td>Martin Willi<br>Stadel 10<br>949 Balzers<\/td><td>079 874 01 61<br><a href=\"mailto:martin.willi@outlook.com\" target=\"_blank\" rel=\"noopener noreferrer\">martin.willi@outlook.com<\/a><\/td><\/tr><tr><td>Aktuarin\/ Obfrau<br>Natur- und Vogelschutz<\/td><td>Cordi Good<br>Palduinstrasse 96<br>9496 Balzers<\/td><td>078 802 60 33<br><a href=\"mailto:cordi78@bluewin.ch\" target=\"_blank\" rel=\"noopener\">cordi78@bluewin.ch<\/a><\/td><\/tr><tr><td>Kassier<\/td><td>Daniel Gst\u00f6hl<br>Unterm Schloss 91<br>9496 Balzers<\/td><td>00423 384 31 16<br><a href=\"mailto:dani.gstoehl@powersurf.li\" target=\"_blank\" rel=\"noopener noreferrer\">dani.gstoehl@powersurf.li<\/a><\/td><\/tr><tr><td>Obfrau&nbsp; Kaninchen<\/td><td>Dorli Vetsch<br>Hauptstrasse 32<br>9464 Lienz<\/td><td>079 960 53 25<br><a href=\"mailto:jakobvetsch@rsnweb.ch\" target=\"_blank\" rel=\"noopener\">jakobvetsch@rsnweb.ch<\/a><\/td><\/tr><tr><td>Beisitzer<\/td><td>Hubert Kaiser<br>Taleze 9<br>9496 Balzers<\/td><td>Hubert Kaiser<br>Taleze 9<br>9496 Balzers<\/td><\/tr><\/tbody><\/table><\/figure>\n\n\n<div class=\"wp-block-image\">\n<figure class=\"alignleft size-large\"><img loading=\"lazy\" decoding=\"async\" width=\"605\" height=\"860\" src=\"https:\/\/www.lov.li\/wp-content\/uploads\/JahresprogrammOVB_26_27-605x860.png\" alt=\"\" class=\"wp-image-6750\" srcset=\"https:\/\/www.lov.li\/wp-content\/uploads\/JahresprogrammOVB_26_27-605x860.png 605w, https:\/\/www.lov.li\/wp-content\/uploads\/JahresprogrammOVB_26_27-211x300.png 211w, https:\/\/www.lov.li\/wp-content\/uploads\/JahresprogrammOVB_26_27-768x1091.png 768w, https:\/\/www.lov.li\/wp-content\/uploads\/JahresprogrammOVB_26_27-1081x1536.png 1081w, https:\/\/www.lov.li\/wp-content\/uploads\/JahresprogrammOVB_26_27-1442x2048.png 1442w, https:\/\/www.lov.li\/wp-content\/uploads\/JahresprogrammOVB_26_27-scaled.png 1802w\" sizes=\"auto, (max-width: 605px) 100vw, 605px\" \/><\/figure>\n<\/div>\n\n\n\n\n<p><\/p>\n\n\n\n<p><\/p>\n\n\n\n<p>&nbsp;<\/p>\n\n\n\n<p>&nbsp;<\/p>\n\n\n\n<p>&nbsp;<\/p>\n\n\n\n<p>&nbsp;<\/p>\n\n\n\n<p>&nbsp;<\/p>\n\n\n\n<p>&nbsp;<\/p>\n\n\n\n<p>&nbsp;<\/p>\n\n\n\n<p>&nbsp;<\/p>\n\n\n\n<p><a href=\"https:\/\/www.lov.li\/wp-content\/uploads\/JahresprogrammOVB_26_27.pdf\" target=\"_blank\" rel=\"noreferrer noopener\">Jahresprogramm 2026-27 OV Balzers<\/a><\/p>\n\n\n\n<p>&nbsp;<\/p>\n\n\n\n<p>&nbsp;<\/p>\n\n\n\n<p>&nbsp;<\/p>\n\n\n\n<figure class=\"wp-block-table  alignleft\"><table class=\"has-fixed-layout\"><tbody><tr><td class=\"has-text-align-left\" data-align=\"left\" colspan=\"4\"><strong>Mitgliederbestand per 31. M\u00e4rz 2024<\/strong><\/td><\/tr><tr><td><strong>Abteilung<\/strong><\/td><td class=\"has-text-align-center\" data-align=\"center\"><strong>Anzahl<\/strong><\/td><td class=\"has-text-align-center\" data-align=\"center\"><strong>Aktiv&nbsp;&nbsp;<\/strong><\/td><td class=\"has-text-align-center\" data-align=\"center\"><strong>Passiv&nbsp;&nbsp;<\/strong><\/td><\/tr><tr><td>Kaninchen<\/td><td class=\"has-text-align-center\" data-align=\"center\">27<\/td><td class=\"has-text-align-center\" data-align=\"center\">21<\/td><td class=\"has-text-align-center\" data-align=\"center\">6<\/td><\/tr><tr><td>Gefl\u00fcgel<\/td><td class=\"has-text-align-center\" data-align=\"center\">4<\/td><td class=\"has-text-align-center\" data-align=\"center\">2<\/td><td class=\"has-text-align-center\" data-align=\"center\">2<\/td><\/tr><tr><td>Natur- &amp; Vogelschutz<\/td><td class=\"has-text-align-center\" data-align=\"center\">47<\/td><td class=\"has-text-align-center\" data-align=\"center\">25<\/td><td class=\"has-text-align-center\" data-align=\"center\">22<\/td><\/tr><tr><td><strong>Total Mitgliedschaften<\/strong><\/td><td class=\"has-text-align-center\" data-align=\"center\"><b>7<\/b><strong>8<\/strong><\/td><td class=\"has-text-align-center\" data-align=\"center\"><b>4<\/b><strong>8<\/strong><\/td><td class=\"has-text-align-center\" data-align=\"center\"><strong><b>3<\/b>0<\/strong><\/td><\/tr><\/tbody><\/table><\/figure>\n\n\n\n<p><\/p>\n\n\n\n<p>&nbsp;<\/p>\n\n\n\n<p>&nbsp;<\/p>\n\n\n\n<p>&nbsp;<\/p>\n\n\n\n<p>&nbsp;<\/p>\n\n\n\n<p>&nbsp;<\/p>\n\n\n\n<p><\/p>\n\n\n\n<h2 class=\"wp-block-heading\">Wer wir sind &#8211; was wir tun<\/h2>\n\n\n\n<p><strong><em>Wir sind wir?<\/em><\/strong><\/p>\n\n\n\n<p>Wir sind ganz normale Menschen mit viel Liebe zur Natur. Speziell angetan sind wir den Kleintieren sowie dem Natur- und Vogelschutz. Unsere Freizeitbesch\u00e4ftigung ist ein wunderbarer Ausgleich zum Beruf und kann ein Leben lang ausge\u00fcbt werden.<\/p>\n\n\n\n<p>&nbsp;<\/p>\n\n\n\n<p><strong><em>Wie sind wir organisiert?<\/em><\/strong><\/p>\n\n\n\n<p>Wir sind in einem Verein, dem Ornithologischen Verein (OV) Balzers organisiert. Unser Verein ist in die drei Abteilungen \u201eKaninchen\u201c, \u201eGefl\u00fcgel\u201c sowie \u201eNatur- und Vogelschutz\u201c unterteilt, wobei wir uns in der Regel monatlich gemeinsam treffen. Das bringt Abwechs\u00adlung und macht die Hocks und Versammlungen interessant.<\/p>\n\n\n\n<p>&nbsp;<\/p>\n\n\n\n<p><strong><em>Mit was besch\u00e4ftigen wir uns?<\/em><\/strong><\/p>\n\n\n\n<p><strong>Kaninchenz\u00fcchter<\/strong><\/p>\n\n\n\n<p>Wir z\u00fcchten Rassekaninchen, wobei wir m\u00f6glichst genau den vorgegebenen Standard erreichen m\u00f6chten. Selbstverst\u00e4ndlich legen wir grossen Wert auf eine artgerechte Hal\u00adtung und Pflege der Tiere. Insgesamt sind fast 40 verschiedene Rassen anerkannt, in vie\u00adlen verschiedenen Farbenschl\u00e4gen.<\/p>\n\n\n\n<p>&nbsp;<\/p>\n\n\n\n<p><strong>Gefl\u00fcgel<\/strong><\/p>\n\n\n\n<p>Wir unterscheiden zwischen Nutz- und Ziergefl\u00fcgel. Im Gegensatz zu den Kaninchen ist f\u00fcr erwachsene Tiere keine Einzelhaltung erforderlich. Viele Rassen in alle Gr\u00f6ssen und Farbenschl\u00e4gen bieten sich f\u00fcr jeden Geschmack an. Zudem werden wir regelm\u00e4ssig mit eigenen Eiern belohnt.<\/p>\n\n\n\n<p>&nbsp;<\/p>\n\n\n\n<p><strong>Natur- und Vogelschutz<\/strong><\/p>\n\n\n\n<p>Unser Verein hat eine aktive Vogelschutz-Abteilung. Einige Hundert Nistk\u00e4sten werden j\u00e4hrlich unterhalten und gereinigt, Futterkl\u00f6tze f\u00fcr die Winterf\u00fctterung hergestellt, Schwal\u00adbennester unterhalten, Greifvogelstangen gesetzt sowie Eulen- und Fledermauskolonien betreut. Verschiedene Initiativen f\u00fcr Naturschutzprojekte wurden im Einvernehmen mit der \u00f6ffentlichen Hand schon verwirklicht, u.a. \u201e\u00c4uleh\u00e4g\u201c und \u201eAlta Bach\u201c.<\/p>\n\n\n\n<p>&nbsp;<\/p>\n\n\n\n<p><strong><em>Was sind unsere T\u00e4tigkeiten?<\/em><\/strong><\/p>\n\n\n\n<p><strong>&nbsp;<\/strong><strong>Lehrkurse \/ Ausbildung<\/strong><\/p>\n\n\n\n<p>Natur- und Vogelschutz, Kanichen- und Gefl\u00fcgel (Haltung, Vererbung, Auslese etc.). Der OV Balzers, der Landesverband und der Kantonalverband der St. Galler Kleintierz\u00fcchter, dem wir angeschlossen sind, bieten vielf\u00e4ltige Aus- und Weiterbildungskurse. Regelm\u00e4ssig finden Grund- und Vertiefungskurse in Vogelkunde statt.<\/p>\n\n\n\n<p>&nbsp;<\/p>\n\n\n\n<p><strong>Ornithologische Exkursionen<\/strong><\/p>\n\n\n\n<p>Traditionell f\u00fchren wir jedes Jahr am 1. Mai unter fachkundiger Leitung eine ornithologische Exkursion in Balzers oder Umgebung durch.<\/p>\n\n\n\n<p>Es werden auch spezielle Exkursionen, zum Beispiel im Alpengebiet, durchgef\u00fchrt.<\/p>\n\n\n\n<p>&nbsp;<\/p>\n\n\n\n<p><strong>Jungtierschau \/ Ausstellungen<\/strong><\/p>\n\n\n\n<p>Jeweils am Wochenende, an welchem der Balzner Jahrmarkt stattfindet, pr\u00e4sentieren wir beim Gemeindezentrum unsere Jungtiere, sehr zur Freude der Bev\u00f6lkerung, die rege An\u00adteil nimmt.<\/p>\n\n\n\n<p>Von November bis Januar finden diverse Ausstellungen in der Region und weiter hinaus statt, an welchen wir mit unseren Tieren im friedlichen Wettbewerb konkurrieren.<\/p>\n\n\n\n<p>&nbsp;<\/p>\n\n\n\n<p><strong>Stallschau<\/strong><\/p>\n\n\n\n<p>Im Oktober werden Z\u00fcchter besucht, wo uns hoffnungsvolle, k\u00fcnftige Ausstellungstiere pr\u00e4sentiert werden. Selbstverst\u00e4ndlich kommt auch bei der Stallschau die Gem\u00fctlichkeit nicht zu kurz.<\/p>\n\n\n\n<p>&nbsp;<\/p>\n\n\n\n<p><strong>Tier-Bewertung<\/strong><\/p>\n\n\n\n<p>Im Oktober werden die Jungtiere durch ausgewiesene Experten bewertet und eingestuft.<\/p>\n\n\n\n<p>&nbsp;<\/p>\n\n\n\n<p><strong>Gesellschaftliches<\/strong><\/p>\n\n\n\n<p>Nebst dem traditionellen Hasenschmaus organisieren wir regelm\u00e4ssig Familienausfl\u00fcge an interessante Orte. Ziele waren zum Beispiel schon der Nationalpark, das Freilichtmuseum Ballenberg etc.<\/p>\n\n\n\n<p>&nbsp;<\/p>\n\n\n\n<p><strong><em>Bist Du neugierig?<\/em><\/strong><\/p>\n\n\n\n<p>Dann melde Dich bei einem Mitglied von uns oder komm einfach&nbsp;an einem&nbsp;zweiten Donnerstag&nbsp;im Monat, um 19.30 Uhr, in unser neues Vereinslokal in der Alten Schule, Balzers, zu unserem regelm\u00e4ssigen Hock.<\/p>\n\n\n\n<p>&nbsp;<\/p>\n\n\n\n<p>&nbsp;<\/p>\n","protected":false},"excerpt":{"rendered":"<p>&nbsp; Ornithologischer Verein Balzers Gegr\u00fcndet 1954 Vorstand 2026 &#8211; 2028 v.l. Cordi Good, Hubert Kaiser, Daniel Gst\u00f6hl, Martin Willi, Darli Vetsch Pr\u00e4sident Martin WilliStadel 10949 Balzers 079 874 01 61martin.willi@outlook.com Aktuarin\/ ObfrauNatur- und Vogelschutz Cordi GoodPalduinstrasse 969496 Balzers 078 802 60 33cordi78@bluewin.ch Kassier Daniel Gst\u00f6hlUnterm Schloss 919496 Balzers 00423 384 31 16dani.gstoehl@powersurf.li Obfrau&nbsp; Kaninchen Dorli &hellip; <\/p>\n<p class=\"link-more\"><a href=\"https:\/\/www.lov.li\/?page_id=54\" class=\"more-link\"><span class=\"screen-reader-text\">\u201eOV Balzers\u201c <\/span>weiterlesen<\/a><\/p>\n","protected":false},"author":1,"featured_media":0,"parent":0,"menu_order":0,"comment_status":"closed","ping_status":"open","template":"","meta":{"_uag_custom_page_level_css":"","footnotes":""},"class_list":["post-54","page","type-page","status-publish","hentry"],"uagb_featured_image_src":{"full":false,"thumbnail":false,"medium":false,"medium_large":false,"large":false,"1536x1536":false,"2048x2048":false,"twentyseventeen-featured-image":false,"twentyseventeen-thumbnail-avatar":false},"uagb_author_info":{"display_name":"admin","author_link":"https:\/\/www.lov.li\/?author=1"},"uagb_comment_info":0,"uagb_excerpt":"&nbsp; Ornithologischer Verein Balzers Gegr\u00fcndet 1954 Vorstand 2026 &#8211; 2028 v.l. Cordi Good, Hubert Kaiser, Daniel Gst\u00f6hl, Martin Willi, Darli Vetsch Pr\u00e4sident Martin WilliStadel 10949 Balzers 079 874 01 61martin.willi@outlook.com Aktuarin\/ ObfrauNatur- und Vogelschutz Cordi GoodPalduinstrasse 969496 Balzers 078 802 60 33cordi78@bluewin.ch Kassier Daniel Gst\u00f6hlUnterm Schloss 919496 Balzers 00423 384 31 16dani.gstoehl@powersurf.li Obfrau&nbsp; Kaninchen Dorli&hellip;","_links":{"self":[{"href":"https:\/\/www.lov.li\/index.php?rest_route=\/wp\/v2\/pages\/54","targetHints":{"allow":["GET"]}}],"collection":[{"href":"https:\/\/www.lov.li\/index.php?rest_route=\/wp\/v2\/pages"}],"about":[{"href":"https:\/\/www.lov.li\/index.php?rest_route=\/wp\/v2\/types\/page"}],"author":[{"embeddable":true,"href":"https:\/\/www.lov.li\/index.php?rest_route=\/wp\/v2\/users\/1"}],"replies":[{"embeddable":true,"href":"https:\/\/www.lov.li\/index.php?rest_route=%2Fwp%2Fv2%2Fcomments&post=54"}],"version-history":[{"count":232,"href":"https:\/\/www.lov.li\/index.php?rest_route=\/wp\/v2\/pages\/54\/revisions"}],"predecessor-version":[{"id":6755,"href":"https:\/\/www.lov.li\/index.php?rest_route=\/wp\/v2\/pages\/54\/revisions\/6755"}],"wp:attachment":[{"href":"https:\/\/www.lov.li\/index.php?rest_route=%2Fwp%2Fv2%2Fmedia&parent=54"}],"curies":[{"name":"wp","href":"https:\/\/api.w.org\/{rel}","templated":true}]}}